{"id":5574,"date":"2016-12-03T15:44:41","date_gmt":"2016-12-03T15:44:41","guid":{"rendered":"https:\/\/diagnosticimmobiliers.net\/index.php\/cars\/"},"modified":"2024-05-03T14:11:52","modified_gmt":"2024-05-03T12:11:52","slug":"diagnostic","status":"publish","type":"page","link":"https:\/\/diagnosticimmobiliers.net\/index.php\/diagnostic\/","title":{"rendered":"Diagnostic"},"content":{"rendered":"\n<p class=\"has-text-align-center has-medium-font-size\">Nord Pas-de-Calais Diagnostics est \u00e0 vos cot\u00e9s pour vous aider et vous conseiller.<\/p>\n\n\n\n<p class=\"has-text-align-center has-medium-font-size\">Suivant les caract\u00e9ristiques de votre bien, la date de construction ou celle du permis de construire, des diagnostics immobiliers seront \u00e0 \u00e9tablir.<\/p>\n\n\n\n<div class=\"wp-block-media-text alignwide is-stacked-on-mobile is-image-fill\"><figure class=\"wp-block-media-text__media\" style=\"background-image:url(https:\/\/diagnosticimmobiliers.net\/wp-content\/uploads\/2024\/02\/istockphoto-1468795705-612x612-1.jpg);background-position:50% 50%\"><img fetchpriority=\"high\" decoding=\"async\" width=\"612\" height=\"612\" src=\"https:\/\/diagnosticimmobiliers.net\/wp-content\/uploads\/2024\/02\/istockphoto-1468795705-612x612-1.jpg\" alt=\"\" class=\"wp-image-9974 size-full\" srcset=\"https:\/\/diagnosticimmobiliers.net\/wp-content\/uploads\/2024\/02\/istockphoto-1468795705-612x612-1.jpg 612w, https:\/\/diagnosticimmobiliers.net\/wp-content\/uploads\/2024\/02\/istockphoto-1468795705-612x612-1-300x300.jpg 300w, https:\/\/diagnosticimmobiliers.net\/wp-content\/uploads\/2024\/02\/istockphoto-1468795705-612x612-1-150x150.jpg 150w, https:\/\/diagnosticimmobiliers.net\/wp-content\/uploads\/2024\/02\/istockphoto-1468795705-612x612-1-280x280.jpg 280w, https:\/\/diagnosticimmobiliers.net\/wp-content\/uploads\/2024\/02\/istockphoto-1468795705-612x612-1-560x560.jpg 560w, https:\/\/diagnosticimmobiliers.net\/wp-content\/uploads\/2024\/02\/istockphoto-1468795705-612x612-1-600x600.jpg 600w\" sizes=\"(max-width: 612px) 100vw, 612px\" \/><\/figure><div class=\"wp-block-media-text__content\">\n<div style=\"height:10px\" aria-hidden=\"true\" class=\"wp-block-spacer\"><\/div>\n\n\n\n<h2 class=\"wp-block-heading\">Diagnostic de Performance Energ\u00e9tique (DPE)<\/h2>\n\n\n\n<p>A&nbsp; faire r\u00e9aliser par un diagnostiqueur certifi\u00e9 dans le cadre d&rsquo;une&nbsp;vente&nbsp;ou d&rsquo;une&nbsp;location pour tout immeuble b\u00e2ti clos et couvert chauff\u00e9. <\/p>\n\n\n\n<p>Le DPE n&rsquo;est pas \u00e0 r\u00e9aliser dans les cas suivants:<\/p>\n\n\n\n<ul class=\"wp-block-list\">\n<li>B\u00e2timents non chauff\u00e9s (aucun moyen de chauffage fixe pr\u00e9sent)<\/li>\n\n\n\n<li>Constructions provisoires (2 ans ou moins)<\/li>\n\n\n\n<li>B\u00e2timents ind\u00e9pendants &lt; 50 m2 de surface de plancher<\/li>\n\n\n\n<li>B\u00e2timent, agricoles, artisanal ou industriel n\u00e9cessitant peu d&rsquo;\u00e9nergie (&lt; \u00e0 12 degr\u00e9)<\/li>\n\n\n\n<li>B\u00e2timent class\u00e9s monuments historiques et lieux de culte.<\/li>\n<\/ul>\n\n\n\n<details class=\"wp-block-details is-layout-flow wp-block-details-is-layout-flow\"><summary>En savoir plus<\/summary>\n<p>Attention la l\u00e9gislation a consid\u00e9rablement \u00e9volu\u00e9 le 1er juillet 2021:<br>Les DPE r\u00e9alis\u00e9s avant le 31 d\u00e9cembre 2017 ne seront plus valables \u00e0 partir du 1er janvier 2023.<br>Les DPE r\u00e9alis\u00e9s entre le 1er janvier 2018 et le 30 juin 2021 ne seront plus valables \u00e0 partir du 1er janvier 2025<br>La m\u00e9thode dite \u00ab\u00a0factures\u00a0\u00bb pour les DPE des logements construits \u00e0 l&rsquo;origine avant 1948 est d\u00e9sormais d\u00e9finitivement abandonn\u00e9e.<\/p>\n\n\n\n<div style=\"height:13px\" aria-hidden=\"true\" class=\"wp-block-spacer\"><\/div>\n<\/details>\n<\/div><\/div>\n\n\n\n<div class=\"wp-block-media-text alignwide has-media-on-the-right is-stacked-on-mobile is-image-fill\"><div class=\"wp-block-media-text__content\">\n<div style=\"height:10px\" aria-hidden=\"true\" class=\"wp-block-spacer\"><\/div>\n\n\n\n<h2 class=\"wp-block-heading\">Diagnostic Plomb (CREP)<\/h2>\n\n\n\n<p>A faire r\u00e9aliser par un diagnostiqueur certifi\u00e9 dans le cadre d&rsquo;une vente ou d&rsquo;une location pour tout immeuble \u00e0 usage d&rsquo;habitation construit avant le 1er janvier 1949.<br>Il s&rsquo;agit de la recherche de trace de plomb dans les anciennes peintures visibles ou invisibles.<br>Cette recherche s&rsquo;effectue \u00e0 l&rsquo;aide d&rsquo;un analyseur \u00e0 fluorescence X :<br>Validit\u00e9 de 1 an dans le cadre d&rsquo;une vente si pr\u00e9sence de plomb d\u00e9tect\u00e9e.<br>Validit\u00e9 de 6 ans dans le cadre d&rsquo;une location si pr\u00e9sence de plomb d\u00e9tect\u00e9e.<br>Sans limite de validit\u00e9 lorsque aucune trace de plomb d\u00e9tect\u00e9e.<br>Ce diagnostic est aussi demand\u00e9 pour les agr\u00e9ements assistantes maternelles.<\/p>\n\n\n\n<div style=\"height:10px\" aria-hidden=\"true\" class=\"wp-block-spacer\"><\/div>\n<\/div><figure class=\"wp-block-media-text__media\" style=\"background-image:url(https:\/\/diagnosticimmobiliers.net\/wp-content\/uploads\/2024\/02\/istockphoto-1451119839-612x612-1.jpg);background-position:50% 50%\"><img decoding=\"async\" width=\"612\" height=\"612\" src=\"https:\/\/diagnosticimmobiliers.net\/wp-content\/uploads\/2024\/02\/istockphoto-1451119839-612x612-1.jpg\" alt=\"\" class=\"wp-image-9984 size-full\" srcset=\"https:\/\/diagnosticimmobiliers.net\/wp-content\/uploads\/2024\/02\/istockphoto-1451119839-612x612-1.jpg 612w, https:\/\/diagnosticimmobiliers.net\/wp-content\/uploads\/2024\/02\/istockphoto-1451119839-612x612-1-300x300.jpg 300w, https:\/\/diagnosticimmobiliers.net\/wp-content\/uploads\/2024\/02\/istockphoto-1451119839-612x612-1-150x150.jpg 150w, https:\/\/diagnosticimmobiliers.net\/wp-content\/uploads\/2024\/02\/istockphoto-1451119839-612x612-1-280x280.jpg 280w, https:\/\/diagnosticimmobiliers.net\/wp-content\/uploads\/2024\/02\/istockphoto-1451119839-612x612-1-560x560.jpg 560w, https:\/\/diagnosticimmobiliers.net\/wp-content\/uploads\/2024\/02\/istockphoto-1451119839-612x612-1-600x600.jpg 600w\" sizes=\"(max-width: 612px) 100vw, 612px\" \/><\/figure><\/div>\n\n\n\n<div class=\"wp-block-group alignfull has-global-padding is-layout-constrained wp-block-group-is-layout-constrained\">\n<div class=\"wp-block-media-text alignwide is-stacked-on-mobile is-image-fill\"><figure class=\"wp-block-media-text__media\" style=\"background-image:url(https:\/\/diagnosticimmobiliers.net\/wp-content\/uploads\/2024\/02\/istockphoto-1485485110-612x612-1.jpg);background-position:50% 50%\"><img decoding=\"async\" width=\"612\" height=\"612\" src=\"https:\/\/diagnosticimmobiliers.net\/wp-content\/uploads\/2024\/02\/istockphoto-1485485110-612x612-1.jpg\" alt=\"\" class=\"wp-image-9986 size-full\" srcset=\"https:\/\/diagnosticimmobiliers.net\/wp-content\/uploads\/2024\/02\/istockphoto-1485485110-612x612-1.jpg 612w, https:\/\/diagnosticimmobiliers.net\/wp-content\/uploads\/2024\/02\/istockphoto-1485485110-612x612-1-300x300.jpg 300w, https:\/\/diagnosticimmobiliers.net\/wp-content\/uploads\/2024\/02\/istockphoto-1485485110-612x612-1-150x150.jpg 150w, https:\/\/diagnosticimmobiliers.net\/wp-content\/uploads\/2024\/02\/istockphoto-1485485110-612x612-1-280x280.jpg 280w, https:\/\/diagnosticimmobiliers.net\/wp-content\/uploads\/2024\/02\/istockphoto-1485485110-612x612-1-560x560.jpg 560w, https:\/\/diagnosticimmobiliers.net\/wp-content\/uploads\/2024\/02\/istockphoto-1485485110-612x612-1-600x600.jpg 600w\" sizes=\"(max-width: 612px) 100vw, 612px\" \/><\/figure><div class=\"wp-block-media-text__content\">\n<div style=\"height:10px\" aria-hidden=\"true\" class=\"wp-block-spacer\"><\/div>\n\n\n\n<h2 class=\"wp-block-heading\">Diagnostic Amiante<\/h2>\n\n\n\n<p>A faire r\u00e9aliser par un diagnostiqueur certifi\u00e9 dans le cadre d&rsquo;une vente pour tout b\u00e2timent quelque en soit l&rsquo;usage et dont le permis de construite a \u00e9t\u00e9 d\u00e9livr\u00e9 avant le 1er juillet 1997.<br>Pas de limite de validit\u00e9 pour les diagnostics amiante avant vente \u00e9tablis apr\u00e8s le 1er janvier 2013.<br>Nouveaut\u00e9: le Diagnostic amiante est maintenant aussi demand\u00e9 dans le cadre de la location lorsque votre bien \u00e0 louer est situ\u00e9 dans une zone dite: \u00a0\u00bb \u00e0 permis de louer\u00a0\u00bb.<br>D&rsquo;ann\u00e9e en ann\u00e9e, ces zones ont r\u00e9guli\u00e8rement tendance \u00e0 s&rsquo;\u00e9tendre.<br>Avant de louer, il est conseill\u00e9 de se rapprocher de votre mairie pour savoir si votre logement n&rsquo;est pas situ\u00e9 dans l&rsquo;une de ces zones.<\/p>\n\n\n\n<div style=\"height:10px\" aria-hidden=\"true\" class=\"wp-block-spacer\"><\/div>\n<\/div><\/div>\n<\/div>\n\n\n\n<div class=\"wp-block-media-text alignwide has-media-on-the-right is-stacked-on-mobile is-image-fill\"><div class=\"wp-block-media-text__content\">\n<div style=\"height:10px\" aria-hidden=\"true\" class=\"wp-block-spacer\"><\/div>\n\n\n\n<h2 class=\"wp-block-heading\">Diagnostic Gaz<\/h2>\n\n\n\n<p>A faire r\u00e9aliser par un diagnostiqueur certifi\u00e9 dans le cadre de la vente ou de la location d&rsquo;un bien \u00e0 usage d&rsquo;habitation avec une installation gaz (Gaz naturel ou GPL propane ou butane en citerne ou en bouteille) \u00e2g\u00e9e de plus de 15 ans (au moment de la signature de l&rsquo;acte authentique de vente).<br>Validit\u00e9 de 3 ans pour la vente et 6 ans pour la location.<\/p>\n\n\n\n<details class=\"wp-block-details is-layout-flow wp-block-details-is-layout-flow\"><summary>En savoir plus<\/summary>\n<p>Une simple bouteille de Butane reli\u00e9e directement \u00e0 une gazini\u00e8re ou une table de cuisson avec un tuyau souple (aucune pr\u00e9sence de tuyau rigide) n&rsquo;est pas consid\u00e9r\u00e9e comme installation gaz (le diagnostic n&rsquo;est donc pas \u00e0 r\u00e9aliser).<br>La date d&rsquo;installation d&rsquo;origine \u00e0 retenir est la date du raccordement en gaz du bien et\/ou de la fourniture par l&rsquo;installateur agr\u00e9\u00e9 Qualigaz du certificat de conformit\u00e9 \u00ab\u00a0mod\u00e8le 2\u00a0\u00bb.<br>Un certificat de conformit\u00e9 Qualigaz \u00ab\u00a0mod\u00e8le 2 \u00a0\u00bb installation modifi\u00e9e est valable 3 ans ( \u00e0 la date de signature de l&rsquo;acte authentique de vente).<br>Le diagnostic gaz ne se substitue pas \u00e0 l\u2019entretien annuel obligatoire des chaudi\u00e8res ou chauffe-eau et vice-versa.<br>Norme NF P45-500 (juillet 2022)<\/p>\n<\/details>\n\n\n\n<div style=\"height:10px\" aria-hidden=\"true\" class=\"wp-block-spacer\"><\/div>\n<\/div><figure class=\"wp-block-media-text__media\" style=\"background-image:url(https:\/\/diagnosticimmobiliers.net\/wp-content\/uploads\/2024\/03\/istockphoto-1435449607-612x612-1.jpg);background-position:50% 50%\"><img loading=\"lazy\" decoding=\"async\" width=\"612\" height=\"408\" src=\"https:\/\/diagnosticimmobiliers.net\/wp-content\/uploads\/2024\/03\/istockphoto-1435449607-612x612-1.jpg\" alt=\"\" class=\"wp-image-10049 size-full\" srcset=\"https:\/\/diagnosticimmobiliers.net\/wp-content\/uploads\/2024\/03\/istockphoto-1435449607-612x612-1.jpg 612w, https:\/\/diagnosticimmobiliers.net\/wp-content\/uploads\/2024\/03\/istockphoto-1435449607-612x612-1-300x200.jpg 300w, https:\/\/diagnosticimmobiliers.net\/wp-content\/uploads\/2024\/03\/istockphoto-1435449607-612x612-1-600x400.jpg 600w\" sizes=\"(max-width: 612px) 100vw, 612px\" \/><\/figure><\/div>\n\n\n\n<div class=\"wp-block-media-text alignwide is-stacked-on-mobile is-image-fill\"><figure class=\"wp-block-media-text__media\" style=\"background-image:url(https:\/\/diagnosticimmobiliers.net\/wp-content\/uploads\/2024\/03\/istockphoto-1150199550-612x612-1.jpg);background-position:50% 50%\"><img loading=\"lazy\" decoding=\"async\" width=\"612\" height=\"408\" src=\"https:\/\/diagnosticimmobiliers.net\/wp-content\/uploads\/2024\/03\/istockphoto-1150199550-612x612-1.jpg\" alt=\"\" class=\"wp-image-10052 size-full\" srcset=\"https:\/\/diagnosticimmobiliers.net\/wp-content\/uploads\/2024\/03\/istockphoto-1150199550-612x612-1.jpg 612w, https:\/\/diagnosticimmobiliers.net\/wp-content\/uploads\/2024\/03\/istockphoto-1150199550-612x612-1-300x200.jpg 300w, https:\/\/diagnosticimmobiliers.net\/wp-content\/uploads\/2024\/03\/istockphoto-1150199550-612x612-1-600x400.jpg 600w\" sizes=\"(max-width: 612px) 100vw, 612px\" \/><\/figure><div class=\"wp-block-media-text__content\">\n<div style=\"height:10px\" aria-hidden=\"true\" class=\"wp-block-spacer\"><\/div>\n\n\n\n<h2 class=\"wp-block-heading\">Diagnostic Electricit\u00e9<\/h2>\n\n\n\n<p>A faire r\u00e9aliser par un diagnostiqueur certifi\u00e9 dans le cadre d&rsquo;une vente ou la location d&rsquo;un bien \u00e0 usage d&rsquo;habitation avec une installation Electrique ag\u00e9e de plus de 15 ans (au moment de la signature de l&rsquo;acte authentique de vente).<br>Validit\u00e9 de 3 ans pour la vente et 6 ans pour la location.<\/p>\n\n\n\n<p>Remarques:<br>Un Consuel \u00ab\u00a0Installation neuve\u00a0\u00bb est valable 15 ans. Un Consuel \u00ab\u00a0Installation modifi\u00e9e\u00a0\u00bb est valable 3 ans.<\/p>\n\n\n\n<div style=\"height:10px\" aria-hidden=\"true\" class=\"wp-block-spacer\"><\/div>\n<\/div><\/div>\n\n\n\n<div class=\"wp-block-media-text alignwide has-media-on-the-right is-stacked-on-mobile is-image-fill\"><div class=\"wp-block-media-text__content\">\n<div style=\"height:10px\" aria-hidden=\"true\" class=\"wp-block-spacer\"><\/div>\n\n\n\n<h2 class=\"wp-block-heading\">Diagnostic Etat des Risques et Pollutions &#8211; ERP<\/h2>\n\n\n\n<p>C&rsquo;est un formulaire \u00e0 \u00e9tablir ou faire \u00e9tablir pour une vente ou une location<br>Validit\u00e9 de 6 mois (au moment de la signature de l&rsquo;acte authentique)<\/p>\n\n\n\n<details class=\"wp-block-details is-layout-flow wp-block-details-is-layout-flow\"><summary>En savoir plus<\/summary>\n<p>Remarques:<br>Vous pouvez \u00e9tablir vous m\u00eame ce document (nul besoin d&rsquo;une certification pour le faire) en vous rendant dans votre mairie ou en t\u00e9l\u00e9chargeant le formulaire sur le site de votre pr\u00e9fecture (rubrique IAL Informations aux Acqu\u00e9reurs et Locataires)<br>Notre conseil:<br>Au regard de la p\u00e9riode de validit\u00e9 de ce document relativement courte (6 mois seulement), nous vous conseillons de l&rsquo;\u00e9tablir ou de le faire \u00e9tablir une fois que vous aurez trouv\u00e9 votre futur locataire ou acqu\u00e9reur.<br>Nous pouvons prendre en charge la r\u00e9alisation de ce document. Cette prestation optionnelle est alors r\u00e9alis\u00e9e \u00e0 votre demande et factur\u00e9e sur la base d&rsquo;un montant unique forfaitaire. (Voir le feuillet Tarif de nos prestations optionnelles ci dessous)<\/p>\n\n\n\n<div class=\"wp-block-buttons has-custom-font-size has-small-font-size is-content-justification-center is-layout-flex wp-container-core-buttons-is-layout-f2baa792 wp-block-buttons-is-layout-flex\">\n<div class=\"wp-block-button has-custom-width wp-block-button__width-75 has-custom-font-size has-medium-font-size\"><a class=\"wp-block-button__link has-white-color has-secondary-background-color has-text-color has-background has-link-color wp-element-button\" href=\"https:\/\/diagnosticimmobiliers.net\/index.php\/tarifs\/\" style=\"border-style:none;border-width:0px;border-radius:0px\"><strong>Voir nos tarifs<\/strong><\/a><\/div>\n<\/div>\n<\/details>\n\n\n\n<div style=\"height:10px\" aria-hidden=\"true\" class=\"wp-block-spacer\"><\/div>\n<\/div><figure class=\"wp-block-media-text__media\" style=\"background-image:url(https:\/\/diagnosticimmobiliers.net\/wp-content\/uploads\/2024\/03\/istockphoto-1528545385-612x612-1.jpg);background-position:50% 50%\"><img loading=\"lazy\" decoding=\"async\" width=\"612\" height=\"408\" src=\"https:\/\/diagnosticimmobiliers.net\/wp-content\/uploads\/2024\/03\/istockphoto-1528545385-612x612-1.jpg\" alt=\"\" class=\"wp-image-10054 size-full\" srcset=\"https:\/\/diagnosticimmobiliers.net\/wp-content\/uploads\/2024\/03\/istockphoto-1528545385-612x612-1.jpg 612w, https:\/\/diagnosticimmobiliers.net\/wp-content\/uploads\/2024\/03\/istockphoto-1528545385-612x612-1-300x200.jpg 300w, https:\/\/diagnosticimmobiliers.net\/wp-content\/uploads\/2024\/03\/istockphoto-1528545385-612x612-1-600x400.jpg 600w\" sizes=\"(max-width: 612px) 100vw, 612px\" \/><\/figure><\/div>\n\n\n\n<div class=\"wp-block-media-text alignwide is-stacked-on-mobile is-image-fill\"><figure class=\"wp-block-media-text__media\" style=\"background-image:url(https:\/\/diagnosticimmobiliers.net\/wp-content\/uploads\/2024\/03\/istockphoto-927818366-612x612-1.jpg);background-position:50% 50%\"><img loading=\"lazy\" decoding=\"async\" width=\"612\" height=\"612\" src=\"https:\/\/diagnosticimmobiliers.net\/wp-content\/uploads\/2024\/03\/istockphoto-927818366-612x612-1.jpg\" alt=\"\" class=\"wp-image-10056 size-full\" srcset=\"https:\/\/diagnosticimmobiliers.net\/wp-content\/uploads\/2024\/03\/istockphoto-927818366-612x612-1.jpg 612w, https:\/\/diagnosticimmobiliers.net\/wp-content\/uploads\/2024\/03\/istockphoto-927818366-612x612-1-300x300.jpg 300w, https:\/\/diagnosticimmobiliers.net\/wp-content\/uploads\/2024\/03\/istockphoto-927818366-612x612-1-150x150.jpg 150w, https:\/\/diagnosticimmobiliers.net\/wp-content\/uploads\/2024\/03\/istockphoto-927818366-612x612-1-280x280.jpg 280w, https:\/\/diagnosticimmobiliers.net\/wp-content\/uploads\/2024\/03\/istockphoto-927818366-612x612-1-560x560.jpg 560w, https:\/\/diagnosticimmobiliers.net\/wp-content\/uploads\/2024\/03\/istockphoto-927818366-612x612-1-600x600.jpg 600w\" sizes=\"(max-width: 612px) 100vw, 612px\" \/><\/figure><div class=\"wp-block-media-text__content\">\n<div style=\"height:10px\" aria-hidden=\"true\" class=\"wp-block-spacer\"><\/div>\n\n\n\n<h2 class=\"wp-block-heading\">Loi Carrez \/ Loi Boutin<\/h2>\n\n\n\n<p>Le certificat de surface Loi Carrez pour la vente ou Boutin pour la location est un document \u00e0 faire \u00e9tablir pour la vente (d&rsquo;un bien en copropri\u00e9t\u00e9: c&rsquo;est \u00e0 dire avec pr\u00e9sence d&rsquo;un r\u00e8glement de copropri\u00e9t\u00e9 et gestion faite par un syndic) ou de la location d&rsquo;un bien \u00e0 usage d&rsquo;habitation.<\/p>\n\n\n\n<p>Validit\u00e9 illimit\u00e9 en l&rsquo;absence de travaux post\u00e9rieurs sur les surfaces \u00e0 la date de r\u00e9daction du document.<\/p>\n\n\n\n<p>Nous pouvons prendre en charge la r\u00e9alisation de ce document.<br>Cette prestation est alors r\u00e9alis\u00e9e \u00e0 votre demande et factur\u00e9e sur la base d&rsquo;un montant forfaitaire et optionnel. (Voir le feuillet Tarif de nos prestations optionnelles ci dessous).<\/p>\n\n\n\n<div class=\"wp-block-buttons has-custom-font-size has-small-font-size is-content-justification-center is-layout-flex wp-container-core-buttons-is-layout-f2baa792 wp-block-buttons-is-layout-flex\">\n<div class=\"wp-block-button has-custom-width wp-block-button__width-75 has-custom-font-size has-medium-font-size\"><a class=\"wp-block-button__link has-white-color has-secondary-background-color has-text-color has-background has-link-color wp-element-button\" href=\"https:\/\/diagnosticimmobiliers.net\/index.php\/tarifs\/\" style=\"border-style:none;border-width:0px;border-radius:0px\"><strong>Voir nos tarifs<\/strong><\/a><\/div>\n<\/div>\n\n\n\n<div style=\"height:10px\" aria-hidden=\"true\" class=\"wp-block-spacer\"><\/div>\n<\/div><\/div>\n\n\n\n<div class=\"wp-block-media-text alignwide has-media-on-the-right is-stacked-on-mobile is-image-fill\"><div class=\"wp-block-media-text__content\">\n<div style=\"height:10px\" aria-hidden=\"true\" class=\"wp-block-spacer\"><\/div>\n\n\n\n<h2 class=\"wp-block-heading\">Diagnostic Assainissement<\/h2>\n\n\n\n<p>A faire r\u00e9aliser par le SPANC de votre commune dans le cadre d&rsquo;une vente.<br>Le vendeur d\u2019une habitation en assainissement non collectif a l\u2019obligation de justifier de l\u2019\u00e9tat de son installation, \u00e0 compter du 1er janvier 2011.<br>Si un contr\u00f4le a d\u00e9j\u00e0 eu lieu : le vendeur doit annexer \u00e0 la promesse de vente ou \u00e0 d\u00e9faut \u00e0 l\u2019acte authentique, le document (dat\u00e9 de moins de trois ans au moment de la vente) \u00e9tabli \u00e0 l\u2019issue du contr\u00f4le et d\u00e9livr\u00e9 par le SPANC.<br>Si aucun contr\u00f4le n\u2019a eu lieu : le vendeur ou un repr\u00e9sentant contacte le SPANC afin de convenir d\u2019un rendez-vous.<br>Votre mairie ou votre notaire pourront vous renseigner.<br>Le SPANC rattach\u00e9 \u00e0 votre commune est le seul autoris\u00e9 \u00e0 la r\u00e9alisation de ce diagnostic.<br>SPANC: Service Public d&rsquo; Assainissement Non Collectif<\/p>\n\n\n\n<div style=\"height:10px\" aria-hidden=\"true\" class=\"wp-block-spacer\"><\/div>\n<\/div><figure class=\"wp-block-media-text__media\" style=\"background-image:url(https:\/\/diagnosticimmobiliers.net\/wp-content\/uploads\/2024\/03\/istockphoto-1397783891-612x612-1.jpg);background-position:50% 50%\"><img loading=\"lazy\" decoding=\"async\" width=\"612\" height=\"459\" src=\"https:\/\/diagnosticimmobiliers.net\/wp-content\/uploads\/2024\/03\/istockphoto-1397783891-612x612-1.jpg\" alt=\"\" class=\"wp-image-10066 size-full\" srcset=\"https:\/\/diagnosticimmobiliers.net\/wp-content\/uploads\/2024\/03\/istockphoto-1397783891-612x612-1.jpg 612w, https:\/\/diagnosticimmobiliers.net\/wp-content\/uploads\/2024\/03\/istockphoto-1397783891-612x612-1-300x225.jpg 300w, https:\/\/diagnosticimmobiliers.net\/wp-content\/uploads\/2024\/03\/istockphoto-1397783891-612x612-1-600x450.jpg 600w\" sizes=\"(max-width: 612px) 100vw, 612px\" \/><\/figure><\/div>\n\n\n\n<div class=\"wp-block-media-text alignwide is-stacked-on-mobile is-image-fill\"><figure class=\"wp-block-media-text__media\" style=\"background-image:url(https:\/\/diagnosticimmobiliers.net\/wp-content\/uploads\/2024\/03\/istockphoto-1266344084-612x612-1.jpg);background-position:50% 50%\"><img loading=\"lazy\" decoding=\"async\" width=\"612\" height=\"612\" src=\"https:\/\/diagnosticimmobiliers.net\/wp-content\/uploads\/2024\/03\/istockphoto-1266344084-612x612-1.jpg\" alt=\"\" class=\"wp-image-10068 size-full\" srcset=\"https:\/\/diagnosticimmobiliers.net\/wp-content\/uploads\/2024\/03\/istockphoto-1266344084-612x612-1.jpg 612w, https:\/\/diagnosticimmobiliers.net\/wp-content\/uploads\/2024\/03\/istockphoto-1266344084-612x612-1-300x300.jpg 300w, https:\/\/diagnosticimmobiliers.net\/wp-content\/uploads\/2024\/03\/istockphoto-1266344084-612x612-1-150x150.jpg 150w, https:\/\/diagnosticimmobiliers.net\/wp-content\/uploads\/2024\/03\/istockphoto-1266344084-612x612-1-280x280.jpg 280w, https:\/\/diagnosticimmobiliers.net\/wp-content\/uploads\/2024\/03\/istockphoto-1266344084-612x612-1-560x560.jpg 560w, https:\/\/diagnosticimmobiliers.net\/wp-content\/uploads\/2024\/03\/istockphoto-1266344084-612x612-1-600x600.jpg 600w\" sizes=\"(max-width: 612px) 100vw, 612px\" \/><\/figure><div class=\"wp-block-media-text__content\">\n<div style=\"height:10px\" aria-hidden=\"true\" class=\"wp-block-spacer\"><\/div>\n\n\n\n<h2 class=\"wp-block-heading\">Diagnostic Amiante Partie Privatives (DAPP)<\/h2>\n\n\n\n<p>Les propri\u00e9taires des parties privatives d&rsquo;immeubles collectifs d&rsquo;habitation constituent, conservent et actualisent un dossier intitul\u00e9 dossier amiante-parties privatives comprenant les informations et documents suivants :<\/p>\n\n\n\n<ul class=\"wp-block-list\">\n<li>Le rapport de rep\u00e9rage des mat\u00e9riaux et produits de la liste A contenant de l&rsquo;amiante ;<\/li>\n\n\n\n<li>Le cas \u00e9ch\u00e9ant, la date, la nature, la localisation et les r\u00e9sultats des \u00e9valuations p\u00e9riodiques de l&rsquo;\u00e9tat de conservation, des mesures d&#8217;empoussi\u00e8rement, des travaux de retrait ou de confinement de mat\u00e9riaux et produits de la liste A contenant de l&rsquo;amiante ou des mesures conservatoires mises en \u0153uvre.<\/li>\n<\/ul>\n\n\n\n<p>La validit\u00e9 du diagnostic peut-\u00eatre de 3 ans en cas de pr\u00e9sence d&rsquo;amiante de la liste A (flocage, calorifugeage, faux-plafond).<\/p>\n\n\n\n<details class=\"wp-block-details is-layout-flow wp-block-details-is-layout-flow\"><summary>En savoir plus<\/summary>\n<p><strong>Communication du DAPP<\/strong><br>Le dossier amiante-parties privatives est :<\/p>\n\n\n\n<ol class=\"wp-block-list\">\n<li>Tenu par le propri\u00e9taire \u00e0 la disposition des occupants des parties privatives concern\u00e9es. Voila pourquoi, si vous n&rsquo;en disposez pas d\u00e9j\u00e0, il doit \u00eatre \u00e9tabli dans le cadre d&rsquo;une mise en location. Ceux-ci sont inform\u00e9s de l&rsquo;existence et des modalit\u00e9s de consultation de ce dossier ;<\/li>\n\n\n\n<li>Communiqu\u00e9 par le propri\u00e9taire \u00e0 toute personne physique ou morale appel\u00e9e \u00e0 organiser ou effectuer des travaux dans l&rsquo;immeuble b\u00e2ti. Une attestation \u00e9crite de cette communication est conserv\u00e9e par les propri\u00e9taires ;<\/li>\n\n\n\n<li>Communiqu\u00e9 par le propri\u00e9taire aux personnes suivantes, sur leur demande et dans le cadre de leurs attributions respectives (aux inspecteurs et contr\u00f4leurs du travail, aux agents du service de pr\u00e9vention des organismes de s\u00e9curit\u00e9 sociale, aux agents du minist\u00e8re charg\u00e9 de la construction\u2026.)<\/li>\n<\/ol>\n<\/details>\n\n\n\n<div style=\"height:10px\" aria-hidden=\"true\" class=\"wp-block-spacer\"><\/div>\n<\/div><\/div>\n\n\n\n<div class=\"wp-block-media-text alignwide has-media-on-the-right is-stacked-on-mobile is-image-fill\"><div class=\"wp-block-media-text__content\">\n<div style=\"height:10px\" aria-hidden=\"true\" class=\"wp-block-spacer\"><\/div>\n\n\n\n<h2 class=\"wp-block-heading\">Diagnostic Technique Amiante (DTA)<\/h2>\n\n\n\n<p>Pour les biens dont le permis de construire a \u00e9t\u00e9 d\u00e9livr\u00e9 avant le 1er juillet 1997.<\/p>\n\n\n\n<p>Constitution du DTA<br>Les propri\u00e9taires des parties communes d&rsquo;immeubles d&rsquo;habitation collectifs et ceux d&rsquo;immeubles batis (\u00e0 l&rsquo;exception des maisons individuelles et des appartements collectifs) constituent et conservent un dossier intitul\u00e9 dossier technique amiante comprenant les informations et documents suivants :<\/p>\n\n\n\n<ul class=\"wp-block-list\">\n<li>Les rapports de rep\u00e9rage des mat\u00e9riaux et produits des listes A et B contenant de l&rsquo;amiante ;<\/li>\n\n\n\n<li>Le cas \u00e9ch\u00e9ant, la date, la nature, la localisation et les r\u00e9sultats des \u00e9valuations p\u00e9riodiques de l&rsquo;\u00e9tat de conservation, des mesures d&#8217;empoussi\u00e8rement, des travaux de retrait ou de confinement de mat\u00e9riaux et produits contenant de l&rsquo;amiante et des mesures conservatoires mises en \u0153uvre ;<\/li>\n\n\n\n<li>Les recommandations g\u00e9n\u00e9rales de s\u00e9curit\u00e9 \u00e0 l&rsquo;\u00e9gard de ces mat\u00e9riaux et produits, notamment proc\u00e9dures d&rsquo;intervention, y compris les proc\u00e9dures de gestion et d&rsquo;\u00e9limination des d\u00e9chets ;<\/li>\n\n\n\n<li>Une fiche r\u00e9capitulative.<\/li>\n<\/ul>\n\n\n\n<p>Le dossier technique amiante est tenu \u00e0 jour par le propri\u00e9taire et int\u00e8gre les \u00e9l\u00e9ments relatifs aux mat\u00e9riaux et produits contenant de l&rsquo;amiante d\u00e9couverts \u00e0 l&rsquo;occasion de travaux ou d&rsquo;op\u00e9rations d&rsquo;entretien.<\/p>\n\n\n\n<details class=\"wp-block-details is-layout-flow wp-block-details-is-layout-flow\"><summary>En savoir plus<\/summary>\n<p><strong>Communication du DAPP<\/strong><br><\/p>\n\n\n\n<p>Communication du DTA<br>Le dossier technique amiante est :<\/p>\n\n\n\n<ol class=\"wp-block-list\">\n<li>Tenu par le propri\u00e9taire \u00e0 la disposition des occupants de l&rsquo;immeuble b\u00e2ti concern\u00e9, des employeurs, des repr\u00e9sentants du personnel et des m\u00e9decins du travail lorsque l&rsquo;immeuble comporte des locaux de travail. Ces personnes sont inform\u00e9es des modalit\u00e9s de consultation du dossier ;<\/li>\n\n\n\n<li>Communiqu\u00e9 par le propri\u00e9taire aux personnes et instances suivantes, sur leur demande et dans le cadre de leurs attributions respectives (aux inspecteurs et contr\u00f4leurs du travail, aux inspecteurs d&rsquo;hygi\u00e8ne et s\u00e9curit\u00e9, aux agents du service de pr\u00e9vention des organismes de s\u00e9curit\u00e9 sociale et de l&rsquo;organisme professionnel de pr\u00e9vention du b\u00e2timent et des travaux publics, aux agents du minist\u00e8re charg\u00e9 de la construction, aux inspecteurs de la jeunesse et des sports, aux personnes charg\u00e9es de l&rsquo;inspection des installations class\u00e9es et des installations nucl\u00e9aires de base, \u00e0 la Commission consultative d\u00e9partementale de s\u00e9curit\u00e9 et d&rsquo;accessibilit\u00e9 ainsi qu&rsquo;\u00e0 toute personne physique ou morale appel\u00e9e \u00e0 effectuer des travaux dans l&rsquo;immeuble b\u00e2ti).<\/li>\n<\/ol>\n\n\n\n<p>Le propri\u00e9taire conserve une attestation \u00e9crite de la communication du dossier \u00e0 ces personnes.<br>La fiche r\u00e9capitulative du \u00a0\u00bb dossier technique amiante \u201d est communiqu\u00e9e par le propri\u00e9taire dans un d\u00e9lai d&rsquo;un mois apr\u00e8s sa constitution ou sa mise \u00e0 jour aux occupants de l&rsquo;immeuble b\u00e2ti et, si cet immeuble comporte des locaux de travail, aux employeurs.<\/p>\n<\/details>\n\n\n\n<div style=\"height:10px\" aria-hidden=\"true\" class=\"wp-block-spacer\"><\/div>\n<\/div><figure class=\"wp-block-media-text__media\" style=\"background-image:url(https:\/\/diagnosticimmobiliers.net\/wp-content\/uploads\/2024\/03\/istockphoto-1265192349-612x612-1.jpg);background-position:50% 50%\"><img loading=\"lazy\" decoding=\"async\" width=\"480\" height=\"612\" src=\"https:\/\/diagnosticimmobiliers.net\/wp-content\/uploads\/2024\/03\/istockphoto-1265192349-612x612-1.jpg\" alt=\"\" class=\"wp-image-10071 size-full\" srcset=\"https:\/\/diagnosticimmobiliers.net\/wp-content\/uploads\/2024\/03\/istockphoto-1265192349-612x612-1.jpg 480w, https:\/\/diagnosticimmobiliers.net\/wp-content\/uploads\/2024\/03\/istockphoto-1265192349-612x612-1-235x300.jpg 235w, https:\/\/diagnosticimmobiliers.net\/wp-content\/uploads\/2024\/03\/istockphoto-1265192349-612x612-1-439x560.jpg 439w\" sizes=\"(max-width: 480px) 100vw, 480px\" \/><\/figure><\/div>\n","protected":false},"excerpt":{"rendered":"<p>Nord Pas-de-Calais Diagnostics est \u00e0 vos cot\u00e9s pour vous aider et vous conseiller. Suivant les caract\u00e9ristiques de votre bien, la date de construction ou celle du permis de construire, des diagnostics immobiliers seront \u00e0 \u00e9tablir. Diagnostic Amiante A faire r\u00e9aliser par un diagnostiqueur certifi\u00e9 dans le cadre d&rsquo;une vente pour [&hellip;]<\/p>\n","protected":false},"author":1,"featured_media":0,"parent":0,"menu_order":0,"comment_status":"closed","ping_status":"closed","template":"","meta":{"footnotes":""},"class_list":["post-5574","page","type-page","status-publish","hentry"],"yoast_head":"<!-- This site is optimized with the Yoast SEO plugin v22.7 - https:\/\/yoast.com\/wordpress\/plugins\/seo\/ -->\n<title>Diagnostic -<\/title>\n<meta name=\"robots\" content=\"index, follow, max-snippet:-1, max-image-preview:large, max-video-preview:-1\" \/>\n<link rel=\"canonical\" href=\"https:\/\/diagnosticimmobiliers.net\/index.php\/diagnostic\/\" \/>\n<meta property=\"og:locale\" content=\"fr_FR\" \/>\n<meta property=\"og:type\" content=\"article\" \/>\n<meta property=\"og:title\" content=\"Diagnostic -\" \/>\n<meta property=\"og:description\" content=\"Nord Pas-de-Calais Diagnostics est \u00e0 vos cot\u00e9s pour vous aider et vous conseiller. Suivant les caract\u00e9ristiques de votre bien, la date de construction ou celle du permis de construire, des diagnostics immobiliers seront \u00e0 \u00e9tablir. Diagnostic Amiante A faire r\u00e9aliser par un diagnostiqueur certifi\u00e9 dans le cadre d&rsquo;une vente pour [&hellip;]\" \/>\n<meta property=\"og:url\" content=\"https:\/\/diagnosticimmobiliers.net\/index.php\/diagnostic\/\" \/>\n<meta property=\"article:modified_time\" content=\"2024-05-03T12:11:52+00:00\" \/>\n<meta property=\"og:image\" content=\"https:\/\/diagnosticimmobiliers.net\/wp-content\/uploads\/2024\/02\/istockphoto-1468795705-612x612-1.jpg\" \/>\n<meta name=\"twitter:card\" content=\"summary_large_image\" \/>\n<meta name=\"twitter:label1\" content=\"Dur\u00e9e de lecture estim\u00e9e\" \/>\n\t<meta name=\"twitter:data1\" content=\"11 minutes\" \/>\n<script type=\"application\/ld+json\" class=\"yoast-schema-graph\">{\"@context\":\"https:\/\/schema.org\",\"@graph\":[{\"@type\":\"WebPage\",\"@id\":\"https:\/\/diagnosticimmobiliers.net\/index.php\/diagnostic\/\",\"url\":\"https:\/\/diagnosticimmobiliers.net\/index.php\/diagnostic\/\",\"name\":\"Diagnostic -\",\"isPartOf\":{\"@id\":\"https:\/\/diagnosticimmobiliers.net\/#website\"},\"primaryImageOfPage\":{\"@id\":\"https:\/\/diagnosticimmobiliers.net\/index.php\/diagnostic\/#primaryimage\"},\"image\":{\"@id\":\"https:\/\/diagnosticimmobiliers.net\/index.php\/diagnostic\/#primaryimage\"},\"thumbnailUrl\":\"https:\/\/diagnosticimmobiliers.net\/wp-content\/uploads\/2024\/02\/istockphoto-1468795705-612x612-1.jpg\",\"datePublished\":\"2016-12-03T15:44:41+00:00\",\"dateModified\":\"2024-05-03T12:11:52+00:00\",\"breadcrumb\":{\"@id\":\"https:\/\/diagnosticimmobiliers.net\/index.php\/diagnostic\/#breadcrumb\"},\"inLanguage\":\"fr-FR\",\"potentialAction\":[{\"@type\":\"ReadAction\",\"target\":[\"https:\/\/diagnosticimmobiliers.net\/index.php\/diagnostic\/\"]}]},{\"@type\":\"ImageObject\",\"inLanguage\":\"fr-FR\",\"@id\":\"https:\/\/diagnosticimmobiliers.net\/index.php\/diagnostic\/#primaryimage\",\"url\":\"https:\/\/diagnosticimmobiliers.net\/wp-content\/uploads\/2024\/02\/istockphoto-1468795705-612x612-1.jpg\",\"contentUrl\":\"https:\/\/diagnosticimmobiliers.net\/wp-content\/uploads\/2024\/02\/istockphoto-1468795705-612x612-1.jpg\",\"width\":612,\"height\":612,\"caption\":\"Energy buildings efficiency class, sustainable development. Ecological bio energetic house concept\"},{\"@type\":\"BreadcrumbList\",\"@id\":\"https:\/\/diagnosticimmobiliers.net\/index.php\/diagnostic\/#breadcrumb\",\"itemListElement\":[{\"@type\":\"ListItem\",\"position\":1,\"name\":\"Accueil\",\"item\":\"https:\/\/diagnosticimmobiliers.net\/\"},{\"@type\":\"ListItem\",\"position\":2,\"name\":\"Diagnostic\"}]},{\"@type\":\"WebSite\",\"@id\":\"https:\/\/diagnosticimmobiliers.net\/#website\",\"url\":\"https:\/\/diagnosticimmobiliers.net\/\",\"name\":\"diagnosticimmobiliers.net\",\"description\":\"\",\"publisher\":{\"@id\":\"https:\/\/diagnosticimmobiliers.net\/#organization\"},\"potentialAction\":[{\"@type\":\"SearchAction\",\"target\":{\"@type\":\"EntryPoint\",\"urlTemplate\":\"https:\/\/diagnosticimmobiliers.net\/?s={search_term_string}\"},\"query-input\":\"required name=search_term_string\"}],\"inLanguage\":\"fr-FR\"},{\"@type\":\"Organization\",\"@id\":\"https:\/\/diagnosticimmobiliers.net\/#organization\",\"name\":\"Nord Pas-de-Calais Diagnostics\",\"url\":\"https:\/\/diagnosticimmobiliers.net\/\",\"logo\":{\"@type\":\"ImageObject\",\"inLanguage\":\"fr-FR\",\"@id\":\"https:\/\/diagnosticimmobiliers.net\/#\/schema\/logo\/image\/\",\"url\":\"https:\/\/diagnosticimmobiliers.net\/wp-content\/uploads\/2024\/02\/energie-loupe-copie-2.png\",\"contentUrl\":\"https:\/\/diagnosticimmobiliers.net\/wp-content\/uploads\/2024\/02\/energie-loupe-copie-2.png\",\"width\":1000,\"height\":949,\"caption\":\"Nord Pas-de-Calais Diagnostics\"},\"image\":{\"@id\":\"https:\/\/diagnosticimmobiliers.net\/#\/schema\/logo\/image\/\"}}]}<\/script>\n<!-- \/ Yoast SEO plugin. -->","yoast_head_json":{"title":"Diagnostic -","robots":{"index":"index","follow":"follow","max-snippet":"max-snippet:-1","max-image-preview":"max-image-preview:large","max-video-preview":"max-video-preview:-1"},"canonical":"https:\/\/diagnosticimmobiliers.net\/index.php\/diagnostic\/","og_locale":"fr_FR","og_type":"article","og_title":"Diagnostic -","og_description":"Nord Pas-de-Calais Diagnostics est \u00e0 vos cot\u00e9s pour vous aider et vous conseiller. Suivant les caract\u00e9ristiques de votre bien, la date de construction ou celle du permis de construire, des diagnostics immobiliers seront \u00e0 \u00e9tablir. Diagnostic Amiante A faire r\u00e9aliser par un diagnostiqueur certifi\u00e9 dans le cadre d&rsquo;une vente pour [&hellip;]","og_url":"https:\/\/diagnosticimmobiliers.net\/index.php\/diagnostic\/","article_modified_time":"2024-05-03T12:11:52+00:00","og_image":[{"url":"https:\/\/diagnosticimmobiliers.net\/wp-content\/uploads\/2024\/02\/istockphoto-1468795705-612x612-1.jpg"}],"twitter_card":"summary_large_image","twitter_misc":{"Dur\u00e9e de lecture estim\u00e9e":"11 minutes"},"schema":{"@context":"https:\/\/schema.org","@graph":[{"@type":"WebPage","@id":"https:\/\/diagnosticimmobiliers.net\/index.php\/diagnostic\/","url":"https:\/\/diagnosticimmobiliers.net\/index.php\/diagnostic\/","name":"Diagnostic -","isPartOf":{"@id":"https:\/\/diagnosticimmobiliers.net\/#website"},"primaryImageOfPage":{"@id":"https:\/\/diagnosticimmobiliers.net\/index.php\/diagnostic\/#primaryimage"},"image":{"@id":"https:\/\/diagnosticimmobiliers.net\/index.php\/diagnostic\/#primaryimage"},"thumbnailUrl":"https:\/\/diagnosticimmobiliers.net\/wp-content\/uploads\/2024\/02\/istockphoto-1468795705-612x612-1.jpg","datePublished":"2016-12-03T15:44:41+00:00","dateModified":"2024-05-03T12:11:52+00:00","breadcrumb":{"@id":"https:\/\/diagnosticimmobiliers.net\/index.php\/diagnostic\/#breadcrumb"},"inLanguage":"fr-FR","potentialAction":[{"@type":"ReadAction","target":["https:\/\/diagnosticimmobiliers.net\/index.php\/diagnostic\/"]}]},{"@type":"ImageObject","inLanguage":"fr-FR","@id":"https:\/\/diagnosticimmobiliers.net\/index.php\/diagnostic\/#primaryimage","url":"https:\/\/diagnosticimmobiliers.net\/wp-content\/uploads\/2024\/02\/istockphoto-1468795705-612x612-1.jpg","contentUrl":"https:\/\/diagnosticimmobiliers.net\/wp-content\/uploads\/2024\/02\/istockphoto-1468795705-612x612-1.jpg","width":612,"height":612,"caption":"Energy buildings efficiency class, sustainable development. Ecological bio energetic house concept"},{"@type":"BreadcrumbList","@id":"https:\/\/diagnosticimmobiliers.net\/index.php\/diagnostic\/#breadcrumb","itemListElement":[{"@type":"ListItem","position":1,"name":"Accueil","item":"https:\/\/diagnosticimmobiliers.net\/"},{"@type":"ListItem","position":2,"name":"Diagnostic"}]},{"@type":"WebSite","@id":"https:\/\/diagnosticimmobiliers.net\/#website","url":"https:\/\/diagnosticimmobiliers.net\/","name":"diagnosticimmobiliers.net","description":"","publisher":{"@id":"https:\/\/diagnosticimmobiliers.net\/#organization"},"potentialAction":[{"@type":"SearchAction","target":{"@type":"EntryPoint","urlTemplate":"https:\/\/diagnosticimmobiliers.net\/?s={search_term_string}"},"query-input":"required name=search_term_string"}],"inLanguage":"fr-FR"},{"@type":"Organization","@id":"https:\/\/diagnosticimmobiliers.net\/#organization","name":"Nord Pas-de-Calais Diagnostics","url":"https:\/\/diagnosticimmobiliers.net\/","logo":{"@type":"ImageObject","inLanguage":"fr-FR","@id":"https:\/\/diagnosticimmobiliers.net\/#\/schema\/logo\/image\/","url":"https:\/\/diagnosticimmobiliers.net\/wp-content\/uploads\/2024\/02\/energie-loupe-copie-2.png","contentUrl":"https:\/\/diagnosticimmobiliers.net\/wp-content\/uploads\/2024\/02\/energie-loupe-copie-2.png","width":1000,"height":949,"caption":"Nord Pas-de-Calais Diagnostics"},"image":{"@id":"https:\/\/diagnosticimmobiliers.net\/#\/schema\/logo\/image\/"}}]}},"_links":{"self":[{"href":"https:\/\/diagnosticimmobiliers.net\/index.php\/wp-json\/wp\/v2\/pages\/5574","targetHints":{"allow":["GET"]}}],"collection":[{"href":"https:\/\/diagnosticimmobiliers.net\/index.php\/wp-json\/wp\/v2\/pages"}],"about":[{"href":"https:\/\/diagnosticimmobiliers.net\/index.php\/wp-json\/wp\/v2\/types\/page"}],"author":[{"embeddable":true,"href":"https:\/\/diagnosticimmobiliers.net\/index.php\/wp-json\/wp\/v2\/users\/1"}],"replies":[{"embeddable":true,"href":"https:\/\/diagnosticimmobiliers.net\/index.php\/wp-json\/wp\/v2\/comments?post=5574"}],"version-history":[{"count":44,"href":"https:\/\/diagnosticimmobiliers.net\/index.php\/wp-json\/wp\/v2\/pages\/5574\/revisions"}],"predecessor-version":[{"id":10134,"href":"https:\/\/diagnosticimmobiliers.net\/index.php\/wp-json\/wp\/v2\/pages\/5574\/revisions\/10134"}],"wp:attachment":[{"href":"https:\/\/diagnosticimmobiliers.net\/index.php\/wp-json\/wp\/v2\/media?parent=5574"}],"curies":[{"name":"wp","href":"https:\/\/api.w.org\/{rel}","templated":true}]}}